{"id":63,"date":"2014-03-14T14:22:45","date_gmt":"2014-03-14T13:22:45","guid":{"rendered":"http:\/\/kno.farnost.cz\/?page_id=63"},"modified":"2014-10-23T16:03:00","modified_gmt":"2014-10-23T15:03:00","slug":"sv-apolinar","status":"publish","type":"page","link":"https:\/\/kno.farnost.cz\/?page_id=63","title":{"rendered":"sv. Apolin\u00e1\u0159"},"content":{"rendered":"<p><a href=\"http:\/\/kno.farnost.cz\/wp-content\/uploads\/2014\/10\/apolinar1.jpg\" data-rel=\"lightbox-image-0\" data-rl_title=\"\" data-rl_caption=\"\" title=\"\"><img loading=\"lazy\" decoding=\"async\" class=\"alignnone size-full wp-image-418\" src=\"http:\/\/kno.farnost.cz\/wp-content\/uploads\/2014\/10\/apolinar1.jpg\" alt=\"apolinar1\" width=\"600\" height=\"400\" srcset=\"https:\/\/kno.farnost.cz\/wp-content\/uploads\/2014\/10\/apolinar1.jpg 600w, https:\/\/kno.farnost.cz\/wp-content\/uploads\/2014\/10\/apolinar1-300x200.jpg 300w\" sizes=\"auto, (max-width: 600px) 100vw, 600px\" \/><\/a><\/p>\n<p>Nejstar\u0161\u00ed chlensk\u00fd kostel z\u0159ejm\u011b st\u00e1l na n\u00e1vr\u0161\u00ed nad Vrbic\u00ed, kter\u00e9mu se dodnes \u0159\u00edk\u00e1 Na kostele. V m\u00edst\u011b s dalek\u00fdm v\u00fdhledem na jih se tam nedaleko rozhledny nal\u00e9zaj\u00ed v rem\u00edzku ter\u00e9nn\u00ed zbytky nevelk\u00e9ho kostel\u00edka nezn\u00e1m\u00e9ho st\u00e1\u0159\u00ed. Poloha v m\u00edst\u011b s dalek\u00fdm v\u00fdhledem mimo os\u00eddlen\u00ed ukazuje na 13. stolet\u00ed nebo na dobu nejv\u00fd\u0161e o sto let star\u0161\u00ed. V map\u00e1ch se toto m\u00edsto chybn\u011b ozna\u010duje jako Na kastelu. Zda to byl p\u016fvodn\u00ed chlensk\u00fd kostel p\u0159ipom\u00ednan\u00fd k roku 1384 anebo jin\u00fd kostel nezn\u00e1m\u00e9ho zasv\u011bcen\u00ed, nelze zjistit s ur\u010ditost\u00ed.<\/p>\n<p>Vesnice Chleny ve 14. stolet\u00ed n\u00e1le\u017eela k panstv\u00ed Litice, prvn\u011b se p\u0159ipom\u00edn\u00e1 v roce 1353. Na po\u010d\u00e1tku 16. stolet\u00ed za vl\u00e1dy Pern\u0161tejn\u016f se Chleny staly sou\u010d\u00e1st\u00ed panstv\u00ed Pot\u0161tejn a p\u0159ed polovinou 18. stolet\u00ed byly odd\u011bleny k nov\u011b vytvo\u0159en\u00e9mu panstv\u00ed Kostelec nad Orlic\u00ed. Vrbice a \u010d\u00e1st Chl\u00ednek byly od st\u0159edov\u011bku majetkov\u011b odd\u011bleny a n\u00e1le\u017eely k Doudleb\u00e1m. Do husitsk\u00fdch v\u00e1lek se zde nach\u00e1zela plebanie (fara), pak byl kostel podle v\u0161eho spravov\u00e1n z Kostelce. Pravd\u011bpodobn\u011b ve 2. polovin\u011b 16. stolet\u00ed vznikla jihoz\u00e1padn\u011b od kostela d\u0159ev\u011bn\u00e1 \u0161ten\u00fd\u0159ov\u00e1 zvonice, v n\u00ed\u017e se a\u017e do rekvizice 19. 12. 1916 nach\u00e1zely zvony z r. 1534 (velk\u00fd, Apolin\u00e1\u0159), 1577, 1601 a \u010dtvrt\u00fd zvon, p\u0159elit\u00fd v r. 1839. V 17. stolet\u00ed byla v kostele z\u0159\u00edzena hrobka Bukovsk\u00fdch z Hust\u00ed\u0159an, majitel\u016f panstv\u00ed P\u0159estavlky a Krchleby.<\/p>\n<p>Dne\u0161n\u00ed barokn\u00ed kostel sv. Apolin\u00e1\u0159e byl vystav\u011bn v roce 1755 na m\u00edst\u011b star\u0161\u00edho zd\u011bn\u00e9ho, z\u0159ejm\u011b z\u00e1sluhou kosteleck\u00e9ho d\u011bkana Karla Anton\u00edna Bocha, za jeho\u017e spr\u00e1vy se v Chlenech v roce 1760 us\u00eddlil kn\u011bz. Roku 1784 zde byla z\u0159\u00edzena lok\u00e1lie. Farn\u00ed budova se stodolou, chl\u00e9vy, \u0161t\u011bpnic\u00ed, \u0161kolou a domkem pro zvon\u00edka se p\u0159ipom\u00ednaj\u00ed ji\u017e v roce 1749. V tomto roce se v kostele krom\u011b hlavn\u00edho olt\u00e1\u0159e sv. Apolin\u00e1\u0159e nach\u00e1zely olt\u00e1\u0159e V\u0161ech svat\u00fdch a Nejsv\u011bt\u011bj\u0161\u00ed Trojice. U kostela st\u00e1la d\u0159ev\u011bn\u00e1 kostnice, h\u0159bitov byl ji\u017e tehdy ohrazen kamennou zd\u00ed. Ve chlensk\u00e9 farnosti tehdy \u017eilo: ve Chlenech 159 lid\u00ed, v Krchlebech 56, ve Sv\u00eddnici 149, v Hork\u00e1ch 122, na Prorubech a v Prorubk\u00e1ch 88, na Vrbici 83, v R\u00e1jci 80, v P\u0159estavlk\u00e1ch 70 a v Such\u00e9 Rybn\u00e9 37 osob. Roku 1857 do\u0161lo k pov\u00fd\u0161en\u00ed zdej\u0161\u00ed lok\u00e1lie na faru. Od roku 1760 se zde do roku 1959 vyst\u0159\u00eddalo 16 kn\u011b\u017e\u00ed, od roku 1959 je zdej\u0161\u00ed farnost spravov\u00e1na z Kostelce nad Orlic\u00ed.<\/p>\n<p>V roce 1823 byla p\u0159estav\u011bna fara a roku 1839 vystav\u011bl Edmund Christen z Kostelce nad Orlic\u00ed dne\u0161n\u00ed v\u011b\u017e. Sou\u010dasn\u011b byl kostel pokryt ta\u0161kami, roz\u0161\u00ed\u0159en h\u0159bitov, ohrazen zd\u00ed a zbo\u0159ena star\u00e1 zvonice. Zv\u00fd\u0161en\u00ed v\u011b\u017ee o 2, 2 m kv\u016fli osazen\u00ed hodin provedl stavitel Karel Tich\u00fd z Kostelce nad Orlic\u00ed v roce 1904.<\/p>\n<p>Orientovan\u00fd kostel s obd\u00e9lnou lod\u00ed a prot\u00e1hl\u00fdm, oble uzav\u0159en\u00fdm presbyt\u00e1\u0159em uzav\u00edr\u00e1 pom\u011brn\u011b vysok\u00e1 v\u011b\u017e, osov\u011b p\u0159ilo\u017een\u00e1 k z\u00e1padn\u00ed stran\u011b lodi. Vrcholn\u011b barokn\u00ed fas\u00e1du \u010dlen\u00ed liz\u00e9nov\u00e9 r\u00e1mce, pod st\u0159echou v\u0161e ukon\u010duje profilovan\u00e1 hlavn\u00ed \u0159\u00edmsa. Na h\u0159ebeni valbov\u00e9 st\u0159echy stoj\u00ed barokn\u00ed sanktusn\u00ed v\u00ed\u017eka. Za zm\u00ednku stoj\u00ed intarzovan\u00e9 vn\u011bj\u0161\u00ed dve\u0159e sakristie na severn\u00ed stran\u011b, z\u0159ejm\u011b p\u0159enesen\u00e9 ze star\u0161\u00edho kostela. Na ji\u017en\u00ed stran\u011b se nach\u00e1z\u00ed nepou\u017e\u00edvan\u00e1 p\u0159eds\u00ed\u0148. Kosteln\u00ed lo\u010f m\u00e1 ploch\u00fd strop, presbyt\u00e1\u0159 je sklenut valen\u011b s v\u00fdse\u010demi.<\/p>\n<p>Ve 2. polovin\u011b 19. stolet\u00ed se krom\u011b hlavn\u00edho olt\u00e1\u0159e sv. Apolin\u00e1\u0159e nal\u00e9zaly v kostele postrann\u00ed olt\u00e1\u0159e sv. Josefa a sv. Anny s obrazy z r. 1884 , dodan\u00fdmi v\u00edde\u0148sk\u00fdm \u00fastavem sv. Luk\u00e1\u0161e. Na severn\u00ed stran\u011b lodi je um\u00edst\u011bn olt\u00e1\u0159 P. Marie (nyn\u00ed Nejsv\u011bt\u011bj\u0161\u00edho srdce P\u00e1n\u011b). Sou\u010dasn\u00e9 vybaven\u00ed kostela je pseudorom\u00e1nsk\u00e9 z r. 1905 od Petra Musila ze \u017damberka, bo\u010dn\u00ed olt\u00e1\u0159e poch\u00e1zej\u00ed z roku 1894. K\u0159\u00ed\u017eovou cestu namaloval novom\u011bstsk\u00fd mal\u00ed\u0159 Josef Hon\u011bk v roce 1845. V kostele je um\u00edst\u011bn obraz sv. Aloisia od ky\u0161persk\u00e9ho (letohradsk\u00e9ho) mal\u00ed\u0159e Jana Umlaufa.<\/p>\n<p>Varhany zhotovil v r. 1854 Ji\u0159\u00ed \u0160pan\u011bl (Spaniel) z Rokytnice v Orlick\u00fdch hor\u00e1ch jako jednomanu\u00e1lov\u00fd mechanick\u00fd z\u00e1suvkov\u00fd n\u00e1stroj (C-f3, 54), jedn\u00e1 se o jeho posledn\u00ed d\u00edlo. Velk\u00fd zvon zvan\u00fd Apolin\u00e1\u0159 z r. 1534 byl rekv\u00edrov\u00e1n a na m\u00edst\u011b rozbit 19. 12. 1916, dal\u0161\u00ed zvon p\u0159elit\u00fd v r. 1839 byl tak\u00e9 rekv\u00edrov\u00e1n. V r. 1928 byly po\u0159\u00edzeny t\u0159i zvony od firmy Bu\u0159il a Riss v Kuklen\u00e1ch, podlehly rekvizici v roce 1942. Ve v\u011b\u017ei se zachovaly zvony z r. 1577 od Eli\u00e1\u0161e Stodoly (cis1), z r. 1601 od Simeona Stodoly (a2) a Um\u00edr\u00e1\u010dek.<\/p>\n<p>Na h\u0159bitov\u011b ji\u017en\u011b od kostela stoj\u00ed rokokov\u011b vyhl\u00ed\u017eej\u00edc\u00ed k\u0159\u00ed\u017e s litinovou horn\u00ed \u010d\u00e1st\u00ed, p\u016fvodn\u011b n\u00e1hrobn\u00edk z roku 1841. U zdi p\u0159i z\u00e1padn\u00ed brance stoj\u00ed po\u0161kozen\u00fd n\u00e1hrobn\u00edk z roku 1837, z\u0159ejm\u011b nejstar\u0161\u00ed dochovan\u00fd n\u00e1hrobn\u00edk zdej\u0161\u00edho h\u0159bitova.<\/p>\n<p>Ji\u0159\u00ed Slav\u00edk<\/p>\n<p>&nbsp;<\/p>\n","protected":false},"excerpt":{"rendered":"<p>Nejstar\u0161\u00ed chlensk\u00fd kostel z\u0159ejm\u011b st\u00e1l na n\u00e1vr\u0161\u00ed nad Vrbic\u00ed, kter\u00e9mu se dodnes \u0159\u00edk\u00e1 Na kostele. V m\u00edst\u011b s dalek\u00fdm v\u00fdhledem na jih se tam nedaleko rozhledny nal\u00e9zaj\u00ed v rem\u00edzku ter\u00e9nn\u00ed zbytky nevelk\u00e9ho kostel\u00edka nezn\u00e1m\u00e9ho st\u00e1\u0159\u00ed. Poloha v m\u00edst\u011b s dalek\u00fdm v\u00fdhledem mimo os\u00eddlen\u00ed ukazuje na 13. stolet\u00ed nebo na dobu nejv\u00fd\u0161e o sto let star\u0161\u00ed. &hellip; <a href=\"https:\/\/kno.farnost.cz\/?page_id=63\" class=\"more-link\">Pokra\u010dov\u00e1n\u00ed textu <span class=\"screen-reader-text\">sv. Apolin\u00e1\u0159<\/span> <span class=\"meta-nav\">&rarr;<\/span><\/a><\/p>\n","protected":false},"author":1,"featured_media":0,"parent":32,"menu_order":0,"comment_status":"closed","ping_status":"open","template":"","meta":{"footnotes":""},"class_list":["post-63","page","type-page","status-publish","hentry"],"_links":{"self":[{"href":"https:\/\/kno.farnost.cz\/index.php?rest_route=\/wp\/v2\/pages\/63","targetHints":{"allow":["GET"]}}],"collection":[{"href":"https:\/\/kno.farnost.cz\/index.php?rest_route=\/wp\/v2\/pages"}],"about":[{"href":"https:\/\/kno.farnost.cz\/index.php?rest_route=\/wp\/v2\/types\/page"}],"author":[{"embeddable":true,"href":"https:\/\/kno.farnost.cz\/index.php?rest_route=\/wp\/v2\/users\/1"}],"replies":[{"embeddable":true,"href":"https:\/\/kno.farnost.cz\/index.php?rest_route=%2Fwp%2Fv2%2Fcomments&post=63"}],"version-history":[{"count":0,"href":"https:\/\/kno.farnost.cz\/index.php?rest_route=\/wp\/v2\/pages\/63\/revisions"}],"up":[{"embeddable":true,"href":"https:\/\/kno.farnost.cz\/index.php?rest_route=\/wp\/v2\/pages\/32"}],"wp:attachment":[{"href":"https:\/\/kno.farnost.cz\/index.php?rest_route=%2Fwp%2Fv2%2Fmedia&parent=63"}],"curies":[{"name":"wp","href":"https:\/\/api.w.org\/{rel}","templated":true}]}}