{"id":56,"date":"2014-03-14T13:54:30","date_gmt":"2014-03-14T12:54:30","guid":{"rendered":"http:\/\/kno.farnost.cz\/?page_id=56"},"modified":"2024-12-26T15:24:08","modified_gmt":"2024-12-26T14:24:08","slug":"svatojirske-listy","status":"publish","type":"page","link":"https:\/\/kno.farnost.cz\/?page_id=56","title":{"rendered":"Svatoji\u0159sk\u00e9 listy"},"content":{"rendered":"<p>Svatoji\u0159sk\u00e9 listy jsou ob\u010dasn\u00edk kosteleck\u00e9 farnosti. Informuj\u00ed o novink\u00e1ch, zpravuj\u00ed o prob\u011bhl\u00fdch akc\u00edch a obsahuj\u00ed \u010dl\u00e1nky s duchovn\u00edm slovem.<\/p>\n<p><a href=\"https:\/\/kno.farnost.cz\/?attachment_id=2771\" rel=\"attachment wp-att-2771\">V\u00e1noce 2024<\/a><\/p>\n<p><a href=\"https:\/\/kno.farnost.cz\/?attachment_id=2768\" rel=\"attachment wp-att-2768\">listopad 2024\u00a0<\/a><\/p>\n<p><a href=\"https:\/\/kno.farnost.cz\/?attachment_id=2767\" rel=\"attachment wp-att-2767\">kv\u011bten+2024\u00a0<\/a><\/p>\n<p><a href=\"https:\/\/kno.farnost.cz\/?attachment_id=2765\" rel=\"attachment wp-att-2765\">prosinec 2023<\/a><\/p>\n<p><a href=\"https:\/\/kno.farnost.cz\/?attachment_id=2759\" rel=\"attachment wp-att-2759\">kv\u011bten 2023<\/a><\/p>\n<p><a href=\"https:\/\/kno.farnost.cz\/wp-content\/uploads\/2023\/01\/SVJL-prosinec-2022.pdf\">prosinec 2022<\/a><\/p>\n<p><a href=\"https:\/\/kno.farnost.cz\/?attachment_id=2757\" rel=\"attachment wp-att-2757\">duben 2022\u00a0<\/a><\/p>\n<p><a href=\"https:\/\/kno.farnost.cz\/?attachment_id=2753\" rel=\"attachment wp-att-2753\"> \u0159\u00edjen 2021<\/a><\/p>\n<p><a href=\"https:\/\/kno.farnost.cz\/wp-content\/uploads\/2019\/07\/SVJL-\u010dervenec-2019.pdf\">\u010dervenec 2019<\/a><\/p>\n<p><a href=\"https:\/\/kno.farnost.cz\/wp-content\/uploads\/2019\/03\/SVJL-b\u0159ezen-2019-pdf.pdf\">b\u0159ezen 2019<\/a><\/p>\n<p><a href=\"https:\/\/kno.farnost.cz\/wp-content\/uploads\/2019\/03\/SVJL-\u0159\u00edjen-2018.pdf\">\u0159\u00edjen 2018<\/a><\/p>\n<p><a href=\"http:\/\/kno.farnost.cz\/wp-content\/uploads\/2018\/06\/SVJL-\u010derven-2018.pdf\">\u010derven 2018<\/a><\/p>\n<p><a href=\"https:\/\/kno.farnost.cz\/wp-content\/uploads\/2019\/03\/SVJL-b\u0159ezen-2019-pdf.pdf\">b\u0159ezen\u00a02019<\/a><\/p>\n<p><a href=\"http:\/\/kno.farnost.cz\/wp-content\/uploads\/2018\/03\/SVJL-unor-2018.pdf\">\u00fanor 2018<\/a><\/p>\n<p><a href=\"http:\/\/kno.farnost.cz\/wp-content\/uploads\/2017\/11\/SVJL-rijen-2017.doc\">\u0159\u00edjen 2017<\/a><\/p>\n<p><a href=\"http:\/\/kno.farnost.cz\/wp-content\/uploads\/2017\/07\/SVJL-cerven-2017.doc\">\u010derven 2017<\/a><\/p>\n<p><a href=\"http:\/\/kno.farnost.cz\/wp-content\/uploads\/2017\/05\/SVJL-duben-2017.doc\">duben 2017<\/a><\/p>\n<p><a href=\"http:\/\/kno.farnost.cz\/wp-content\/uploads\/2017\/05\/SVJL-unor-2017.doc\">\u00fanor 2017<\/a><\/p>\n<p><a href=\"http:\/\/kno.farnost.cz\/wp-content\/uploads\/2017\/01\/SVJL-listopad-2016.doc\">listopad 2016<\/a><\/p>\n<p><a href=\"http:\/\/kno.farnost.cz\/wp-content\/uploads\/2016\/11\/SVJL-srpen-2016.doc\">srpen 2016<\/a><\/p>\n<p><a href=\"http:\/\/kno.farnost.cz\/wp-content\/uploads\/2016\/11\/SVJListy-kveten-2016.doc\">kv\u011bten 2016<\/a><\/p>\n<p><a href=\"http:\/\/kno.farnost.cz\/wp-content\/uploads\/2015\/03\/SVJListy-brezen-2015.doc\">b\u0159ezen 2015<\/a><\/p>\n<p><a href=\"http:\/\/kno.farnost.cz\/wp-content\/uploads\/2014\/03\/SVJListy-listopad-2014.doc\">listopad 2014<\/a><\/p>\n<p><a href=\"http:\/\/kno.farnost.cz\/wp-content\/uploads\/2014\/10\/SVJListy-\u010derven-2014.doc\">\u010derven 2014<\/a><\/p>\n<p><a href=\"http:\/\/kno.farnost.cz\/wp-content\/uploads\/2014\/03\/SVJListy-leden-2014.doc\">leden 2014<\/a><\/p>\n<p><a href=\"http:\/\/kno.farnost.cz\/wp-content\/uploads\/2014\/03\/SVJListy-\u010dervenec-2013.doc\">\u010dervenec 2013<\/a><\/p>\n<p><a href=\"http:\/\/kno.farnost.cz\/wp-content\/uploads\/2014\/03\/SVJListy-duben-2013.doc\">duben 2013<\/a><\/p>\n","protected":false},"excerpt":{"rendered":"<p>Svatoji\u0159sk\u00e9 listy jsou ob\u010dasn\u00edk kosteleck\u00e9 farnosti. Informuj\u00ed o novink\u00e1ch, zpravuj\u00ed o prob\u011bhl\u00fdch akc\u00edch a obsahuj\u00ed \u010dl\u00e1nky s duchovn\u00edm slovem. V\u00e1noce 2024 listopad 2024\u00a0 kv\u011bten+2024\u00a0 prosinec 2023 kv\u011bten 2023 prosinec 2022 duben 2022\u00a0 \u0159\u00edjen 2021 \u010dervenec 2019 b\u0159ezen 2019 \u0159\u00edjen 2018 \u010derven 2018 b\u0159ezen\u00a02019 \u00fanor 2018 \u0159\u00edjen 2017 \u010derven 2017 duben 2017 \u00fanor 2017 listopad 2016 &hellip; <a href=\"https:\/\/kno.farnost.cz\/?page_id=56\" class=\"more-link\">Pokra\u010dov\u00e1n\u00ed textu <span class=\"screen-reader-text\">Svatoji\u0159sk\u00e9 listy<\/span> <span class=\"meta-nav\">&rarr;<\/span><\/a><\/p>\n","protected":false},"author":1,"featured_media":0,"parent":18,"menu_order":0,"comment_status":"closed","ping_status":"closed","template":"","meta":{"footnotes":""},"class_list":["post-56","page","type-page","status-publish","hentry"],"_links":{"self":[{"href":"https:\/\/kno.farnost.cz\/index.php?rest_route=\/wp\/v2\/pages\/56","targetHints":{"allow":["GET"]}}],"collection":[{"href":"https:\/\/kno.farnost.cz\/index.php?rest_route=\/wp\/v2\/pages"}],"about":[{"href":"https:\/\/kno.farnost.cz\/index.php?rest_route=\/wp\/v2\/types\/page"}],"author":[{"embeddable":true,"href":"https:\/\/kno.farnost.cz\/index.php?rest_route=\/wp\/v2\/users\/1"}],"replies":[{"embeddable":true,"href":"https:\/\/kno.farnost.cz\/index.php?rest_route=%2Fwp%2Fv2%2Fcomments&post=56"}],"version-history":[{"count":13,"href":"https:\/\/kno.farnost.cz\/index.php?rest_route=\/wp\/v2\/pages\/56\/revisions"}],"predecessor-version":[{"id":2772,"href":"https:\/\/kno.farnost.cz\/index.php?rest_route=\/wp\/v2\/pages\/56\/revisions\/2772"}],"up":[{"embeddable":true,"href":"https:\/\/kno.farnost.cz\/index.php?rest_route=\/wp\/v2\/pages\/18"}],"wp:attachment":[{"href":"https:\/\/kno.farnost.cz\/index.php?rest_route=%2Fwp%2Fv2%2Fmedia&parent=56"}],"curies":[{"name":"wp","href":"https:\/\/api.w.org\/{rel}","templated":true}]}}